{"id":1311,"date":"2026-04-14T12:22:48","date_gmt":"2026-04-14T11:22:48","guid":{"rendered":"https:\/\/sppp.bialystok.pl\/?page_id=1311"},"modified":"2026-04-14T12:22:48","modified_gmt":"2026-04-14T11:22:48","slug":"perspektywa-3p-dla-wojewodztwa-podlaskiego","status":"publish","type":"page","link":"https:\/\/sppp.bialystok.pl\/?page_id=1311","title":{"rendered":"\u201ePerspektywa 3P dla Wojew\u00f3dztwa podlaskiego\u201d"},"content":{"rendered":"<p><strong><img loading=\"lazy\" decoding=\"async\" class=\"wp-image-1312 aligncenter\" src=\"https:\/\/serwer1711885.home.pl\/autoinstalator\/wordpress3\/wp-content\/uploads\/1-3-scaled.jpg\" alt=\"\" width=\"661\" height=\"91\" srcset=\"https:\/\/serwer1711885.home.pl\/autoinstalator\/wordpress3\/wp-content\/uploads\/1-3-scaled.jpg 2560w, https:\/\/serwer1711885.home.pl\/autoinstalator\/wordpress3\/wp-content\/uploads\/1-3-300x41.jpg 300w, https:\/\/serwer1711885.home.pl\/autoinstalator\/wordpress3\/wp-content\/uploads\/1-3-1024x141.jpg 1024w, https:\/\/serwer1711885.home.pl\/autoinstalator\/wordpress3\/wp-content\/uploads\/1-3-768x106.jpg 768w, https:\/\/serwer1711885.home.pl\/autoinstalator\/wordpress3\/wp-content\/uploads\/1-3-1536x212.jpg 1536w, https:\/\/serwer1711885.home.pl\/autoinstalator\/wordpress3\/wp-content\/uploads\/1-3-2048x282.jpg 2048w, https:\/\/serwer1711885.home.pl\/autoinstalator\/wordpress3\/wp-content\/uploads\/1-3-1280x177.jpg 1280w, https:\/\/serwer1711885.home.pl\/autoinstalator\/wordpress3\/wp-content\/uploads\/1-3-600x83.jpg 600w\" sizes=\"auto, (max-width: 661px) 100vw, 661px\" \/><\/strong><\/p>\n<p>Tytu\u0142 przedsi\u0119wzi\u0119cia grantowego:<\/p>\n<p><strong>\u201e Perspektywa 3P dla Wojew\u00f3dztwa podlaskiego\u201d<\/strong><\/p>\n<p><strong>Program:<\/strong>\u00a0Fundusze Europejskie dla Rozwoju Spo\u0142ecznego<\/p>\n<p><strong>Priorytet:<\/strong>\u00a0FERS.01 Umiej\u0119tno\u015bci;<\/p>\n<p><strong>Dzia\u0142anie:<\/strong>\u00a0FERS.01.06 Edukacja w\u0142\u0105czaj\u0105ca<\/p>\n<p><strong>Termin realizacji przedsi\u0119wzi\u0119cia grantowego:<\/strong> 2026-02-17-do 2026 -12-31<\/p>\n<p><strong>Ca\u0142kowita warto\u015b\u0107 przedsi\u0119biorstwa grantowego:<\/strong>\u00a088 911,43 PLN<\/p>\n<p><strong>Dofinansowanie ze \u015brodk\u00f3w UE:<\/strong>\u00a0<strong>73 369,71 z\u0142 (82,52%)<\/strong><\/p>\n<p><strong>Dofinansowanie ze \u015brodk\u00f3w bud\u017cetu pa\u0144stwa: 15 541,72 (17,48%)<\/strong><strong>\u00a0<\/strong><\/p>\n<p>G\u0142\u00f3wnymi celami przedsi\u0119wzi\u0119cia grantowego s\u0105:<\/p>\n<ol>\n<li>Wsparcie poradni psychologiczno-pedagogicznej w zmianie modelu dzia\u0142ania na bardziej dost\u0119pny, zintegrowany i oparty na wsp\u00f3\u0142pracy mi\u0119dzysektorowej.<\/li>\n<li>Uzupe\u0142nienie zasob\u00f3w w zakresie wyposa\u017cenia PPP, niezb\u0119dnych do osi\u0105gni\u0119cia wy\u017cej wymienionego celu.<\/li>\n<li>Rozw\u00f3j kompetencji os\u00f3b pracuj\u0105cych w PPP, ukierunkowany na wiedz\u0119 i umiej\u0119tno\u015bci w zakresie: oceny funkcjonalnej, umiej\u0119tno\u015bci wykorzystania narz\u0119dzi diagnostycznych, zarz\u0105dzania zmian\u0105 i procesami oraz projektowania wsparcia w oparciu o Model Wsparcia Mi\u0119dzysektorowego (MWM).<\/li>\n<\/ol>\n","protected":false},"excerpt":{"rendered":"<p>Tytu\u0142 przedsi\u0119wzi\u0119cia grantowego: \u201e Perspektywa 3P dla Wojew\u00f3dztwa podlaskiego\u201d Program:\u00a0Fundusze Europejskie dla Rozwoju Spo\u0142ecznego Priorytet:\u00a0FERS.01 Umiej\u0119tno\u015bci; Dzia\u0142anie:\u00a0FERS.01.06 Edukacja w\u0142\u0105czaj\u0105ca Termin realizacji przedsi\u0119wzi\u0119cia grantowego: 2026-02-17-do 2026 -12-31 Ca\u0142kowita warto\u015b\u0107 przedsi\u0119biorstwa grantowego:\u00a088 911,43 PLN Dofinansowanie ze \u015brodk\u00f3w UE:\u00a073 369,71 z\u0142 (82,52%) Dofinansowanie ze \u015brodk\u00f3w bud\u017cetu pa\u0144stwa: 15 541,72 (17,48%)\u00a0 G\u0142\u00f3wnymi celami przedsi\u0119wzi\u0119cia grantowego s\u0105: Wsparcie poradni psychologiczno-pedagogicznej w zmianie modelu dzia\u0142ania na [&hellip;]<\/p>\n","protected":false},"author":1,"featured_media":0,"parent":0,"menu_order":0,"comment_status":"closed","ping_status":"closed","template":"","meta":{"footnotes":""},"class_list":["post-1311","page","type-page","status-publish","hentry"],"yoast_head":"<!-- This site is optimized with the Yoast SEO plugin v27.5 - https:\/\/yoast.com\/product\/yoast-seo-wordpress\/ -->\n<title>\u201ePerspektywa 3P dla Wojew\u00f3dztwa podlaskiego\u201d - SPECJALISTYCZNA PORADNIA PSYCHOLOGICZNO-PEDAGOGICZNA DLA DZIECI I M\u0141ODZIE\u017bY Z ZABURZENIAMI EMOCJONALNYMI<\/title>\n<meta name=\"robots\" content=\"index, follow, max-snippet:-1, max-image-preview:large, max-video-preview:-1\" \/>\n<link rel=\"canonical\" href=\"https:\/\/sppp.bialystok.pl\/?page_id=1311\" \/>\n<meta property=\"og:locale\" content=\"pl_PL\" \/>\n<meta property=\"og:type\" content=\"article\" \/>\n<meta property=\"og:title\" content=\"\u201ePerspektywa 3P dla Wojew\u00f3dztwa podlaskiego\u201d - SPECJALISTYCZNA PORADNIA PSYCHOLOGICZNO-PEDAGOGICZNA DLA DZIECI I M\u0141ODZIE\u017bY Z ZABURZENIAMI EMOCJONALNYMI\" \/>\n<meta property=\"og:description\" content=\"Tytu\u0142 przedsi\u0119wzi\u0119cia grantowego: \u201e Perspektywa 3P dla Wojew\u00f3dztwa podlaskiego\u201d Program:\u00a0Fundusze Europejskie dla Rozwoju Spo\u0142ecznego Priorytet:\u00a0FERS.01 Umiej\u0119tno\u015bci; Dzia\u0142anie:\u00a0FERS.01.06 Edukacja w\u0142\u0105czaj\u0105ca Termin realizacji przedsi\u0119wzi\u0119cia grantowego: 2026-02-17-do 2026 -12-31 Ca\u0142kowita warto\u015b\u0107 przedsi\u0119biorstwa grantowego:\u00a088 911,43 PLN Dofinansowanie ze \u015brodk\u00f3w UE:\u00a073 369,71 z\u0142 (82,52%) Dofinansowanie ze \u015brodk\u00f3w bud\u017cetu pa\u0144stwa: 15 541,72 (17,48%)\u00a0 G\u0142\u00f3wnymi celami przedsi\u0119wzi\u0119cia grantowego s\u0105: Wsparcie poradni psychologiczno-pedagogicznej w zmianie modelu dzia\u0142ania na [&hellip;]\" \/>\n<meta property=\"og:url\" content=\"https:\/\/sppp.bialystok.pl\/?page_id=1311\" \/>\n<meta property=\"og:site_name\" content=\"SPECJALISTYCZNA PORADNIA PSYCHOLOGICZNO-PEDAGOGICZNA DLA DZIECI I M\u0141ODZIE\u017bY Z ZABURZENIAMI EMOCJONALNYMI\" \/>\n<meta property=\"og:image\" content=\"https:\/\/serwer1711885.home.pl\/autoinstalator\/wordpress3\/wp-content\/uploads\/1-3-scaled.jpg\" \/>\n\t<meta property=\"og:image:width\" content=\"2560\" \/>\n\t<meta property=\"og:image:height\" content=\"353\" \/>\n\t<meta property=\"og:image:type\" content=\"image\/jpeg\" \/>\n<meta name=\"twitter:card\" content=\"summary_large_image\" \/>\n<meta name=\"twitter:label1\" content=\"Szacowany czas czytania\" \/>\n\t<meta name=\"twitter:data1\" content=\"1 minuta\" \/>\n<script type=\"application\/ld+json\" class=\"yoast-schema-graph\">{\"@context\":\"https:\\\/\\\/schema.org\",\"@graph\":[{\"@type\":\"WebPage\",\"@id\":\"https:\\\/\\\/sppp.bialystok.pl\\\/?page_id=1311\",\"url\":\"https:\\\/\\\/sppp.bialystok.pl\\\/?page_id=1311\",\"name\":\"\u201ePerspektywa 3P dla Wojew\u00f3dztwa podlaskiego\u201d - SPECJALISTYCZNA PORADNIA PSYCHOLOGICZNO-PEDAGOGICZNA DLA DZIECI I M\u0141ODZIE\u017bY Z ZABURZENIAMI EMOCJONALNYMI\",\"isPartOf\":{\"@id\":\"https:\\\/\\\/sppp.bialystok.pl\\\/#website\"},\"primaryImageOfPage\":{\"@id\":\"https:\\\/\\\/sppp.bialystok.pl\\\/?page_id=1311#primaryimage\"},\"image\":{\"@id\":\"https:\\\/\\\/sppp.bialystok.pl\\\/?page_id=1311#primaryimage\"},\"thumbnailUrl\":\"https:\\\/\\\/serwer1711885.home.pl\\\/autoinstalator\\\/wordpress3\\\/wp-content\\\/uploads\\\/1-3-scaled.jpg\",\"datePublished\":\"2026-04-14T11:22:48+00:00\",\"breadcrumb\":{\"@id\":\"https:\\\/\\\/sppp.bialystok.pl\\\/?page_id=1311#breadcrumb\"},\"inLanguage\":\"pl-PL\",\"potentialAction\":[{\"@type\":\"ReadAction\",\"target\":[\"https:\\\/\\\/sppp.bialystok.pl\\\/?page_id=1311\"]}]},{\"@type\":\"ImageObject\",\"inLanguage\":\"pl-PL\",\"@id\":\"https:\\\/\\\/sppp.bialystok.pl\\\/?page_id=1311#primaryimage\",\"url\":\"https:\\\/\\\/serwer1711885.home.pl\\\/autoinstalator\\\/wordpress3\\\/wp-content\\\/uploads\\\/1-3-scaled.jpg\",\"contentUrl\":\"https:\\\/\\\/serwer1711885.home.pl\\\/autoinstalator\\\/wordpress3\\\/wp-content\\\/uploads\\\/1-3-scaled.jpg\"},{\"@type\":\"BreadcrumbList\",\"@id\":\"https:\\\/\\\/sppp.bialystok.pl\\\/?page_id=1311#breadcrumb\",\"itemListElement\":[{\"@type\":\"ListItem\",\"position\":1,\"name\":\"Strona g\u0142\u00f3wna\",\"item\":\"https:\\\/\\\/sppp.bialystok.pl\\\/\"},{\"@type\":\"ListItem\",\"position\":2,\"name\":\"\u201ePerspektywa 3P dla Wojew\u00f3dztwa podlaskiego\u201d\"}]},{\"@type\":\"WebSite\",\"@id\":\"https:\\\/\\\/sppp.bialystok.pl\\\/#website\",\"url\":\"https:\\\/\\\/sppp.bialystok.pl\\\/\",\"name\":\"SPECJALISTYCZNA PORADNIA PSYCHOLOGICZNO-PEDAGOGICZNA DLA DZIECI I M\u0141ODZIE\u017bY Z ZABURZENIAMI EMOCJONALNYMI\",\"description\":\"\",\"publisher\":{\"@id\":\"https:\\\/\\\/sppp.bialystok.pl\\\/#organization\"},\"potentialAction\":[{\"@type\":\"SearchAction\",\"target\":{\"@type\":\"EntryPoint\",\"urlTemplate\":\"https:\\\/\\\/sppp.bialystok.pl\\\/?s={search_term_string}\"},\"query-input\":{\"@type\":\"PropertyValueSpecification\",\"valueRequired\":true,\"valueName\":\"search_term_string\"}}],\"inLanguage\":\"pl-PL\"},{\"@type\":\"Organization\",\"@id\":\"https:\\\/\\\/sppp.bialystok.pl\\\/#organization\",\"name\":\"SPECJALISTYCZNA PORADNIA PSYCHOLOGICZNO-PEDAGOGICZNA DLA DZIECI I M\u0141ODZIE\u017bY Z ZABURZENIAMI EMOCJONALNYMI\",\"url\":\"https:\\\/\\\/sppp.bialystok.pl\\\/\",\"logo\":{\"@type\":\"ImageObject\",\"inLanguage\":\"pl-PL\",\"@id\":\"https:\\\/\\\/sppp.bialystok.pl\\\/#\\\/schema\\\/logo\\\/image\\\/\",\"url\":\"https:\\\/\\\/serwer1711885.home.pl\\\/autoinstalator\\\/wordpress3\\\/wp-content\\\/uploads\\\/admin-ajax.php_.png\",\"contentUrl\":\"https:\\\/\\\/serwer1711885.home.pl\\\/autoinstalator\\\/wordpress3\\\/wp-content\\\/uploads\\\/admin-ajax.php_.png\",\"width\":400,\"height\":50,\"caption\":\"SPECJALISTYCZNA PORADNIA PSYCHOLOGICZNO-PEDAGOGICZNA DLA DZIECI I M\u0141ODZIE\u017bY Z ZABURZENIAMI EMOCJONALNYMI\"},\"image\":{\"@id\":\"https:\\\/\\\/sppp.bialystok.pl\\\/#\\\/schema\\\/logo\\\/image\\\/\"}}]}<\/script>\n<!-- \/ Yoast SEO plugin. -->","yoast_head_json":{"title":"\u201ePerspektywa 3P dla Wojew\u00f3dztwa podlaskiego\u201d - SPECJALISTYCZNA PORADNIA PSYCHOLOGICZNO-PEDAGOGICZNA DLA DZIECI I M\u0141ODZIE\u017bY Z ZABURZENIAMI EMOCJONALNYMI","robots":{"index":"index","follow":"follow","max-snippet":"max-snippet:-1","max-image-preview":"max-image-preview:large","max-video-preview":"max-video-preview:-1"},"canonical":"https:\/\/sppp.bialystok.pl\/?page_id=1311","og_locale":"pl_PL","og_type":"article","og_title":"\u201ePerspektywa 3P dla Wojew\u00f3dztwa podlaskiego\u201d - SPECJALISTYCZNA PORADNIA PSYCHOLOGICZNO-PEDAGOGICZNA DLA DZIECI I M\u0141ODZIE\u017bY Z ZABURZENIAMI EMOCJONALNYMI","og_description":"Tytu\u0142 przedsi\u0119wzi\u0119cia grantowego: \u201e Perspektywa 3P dla Wojew\u00f3dztwa podlaskiego\u201d Program:\u00a0Fundusze Europejskie dla Rozwoju Spo\u0142ecznego Priorytet:\u00a0FERS.01 Umiej\u0119tno\u015bci; Dzia\u0142anie:\u00a0FERS.01.06 Edukacja w\u0142\u0105czaj\u0105ca Termin realizacji przedsi\u0119wzi\u0119cia grantowego: 2026-02-17-do 2026 -12-31 Ca\u0142kowita warto\u015b\u0107 przedsi\u0119biorstwa grantowego:\u00a088 911,43 PLN Dofinansowanie ze \u015brodk\u00f3w UE:\u00a073 369,71 z\u0142 (82,52%) Dofinansowanie ze \u015brodk\u00f3w bud\u017cetu pa\u0144stwa: 15 541,72 (17,48%)\u00a0 G\u0142\u00f3wnymi celami przedsi\u0119wzi\u0119cia grantowego s\u0105: Wsparcie poradni psychologiczno-pedagogicznej w zmianie modelu dzia\u0142ania na [&hellip;]","og_url":"https:\/\/sppp.bialystok.pl\/?page_id=1311","og_site_name":"SPECJALISTYCZNA PORADNIA PSYCHOLOGICZNO-PEDAGOGICZNA DLA DZIECI I M\u0141ODZIE\u017bY Z ZABURZENIAMI EMOCJONALNYMI","og_image":[{"width":2560,"height":353,"url":"https:\/\/serwer1711885.home.pl\/autoinstalator\/wordpress3\/wp-content\/uploads\/1-3-scaled.jpg","type":"image\/jpeg"}],"twitter_card":"summary_large_image","twitter_misc":{"Szacowany czas czytania":"1 minuta"},"schema":{"@context":"https:\/\/schema.org","@graph":[{"@type":"WebPage","@id":"https:\/\/sppp.bialystok.pl\/?page_id=1311","url":"https:\/\/sppp.bialystok.pl\/?page_id=1311","name":"\u201ePerspektywa 3P dla Wojew\u00f3dztwa podlaskiego\u201d - SPECJALISTYCZNA PORADNIA PSYCHOLOGICZNO-PEDAGOGICZNA DLA DZIECI I M\u0141ODZIE\u017bY Z ZABURZENIAMI EMOCJONALNYMI","isPartOf":{"@id":"https:\/\/sppp.bialystok.pl\/#website"},"primaryImageOfPage":{"@id":"https:\/\/sppp.bialystok.pl\/?page_id=1311#primaryimage"},"image":{"@id":"https:\/\/sppp.bialystok.pl\/?page_id=1311#primaryimage"},"thumbnailUrl":"https:\/\/serwer1711885.home.pl\/autoinstalator\/wordpress3\/wp-content\/uploads\/1-3-scaled.jpg","datePublished":"2026-04-14T11:22:48+00:00","breadcrumb":{"@id":"https:\/\/sppp.bialystok.pl\/?page_id=1311#breadcrumb"},"inLanguage":"pl-PL","potentialAction":[{"@type":"ReadAction","target":["https:\/\/sppp.bialystok.pl\/?page_id=1311"]}]},{"@type":"ImageObject","inLanguage":"pl-PL","@id":"https:\/\/sppp.bialystok.pl\/?page_id=1311#primaryimage","url":"https:\/\/serwer1711885.home.pl\/autoinstalator\/wordpress3\/wp-content\/uploads\/1-3-scaled.jpg","contentUrl":"https:\/\/serwer1711885.home.pl\/autoinstalator\/wordpress3\/wp-content\/uploads\/1-3-scaled.jpg"},{"@type":"BreadcrumbList","@id":"https:\/\/sppp.bialystok.pl\/?page_id=1311#breadcrumb","itemListElement":[{"@type":"ListItem","position":1,"name":"Strona g\u0142\u00f3wna","item":"https:\/\/sppp.bialystok.pl\/"},{"@type":"ListItem","position":2,"name":"\u201ePerspektywa 3P dla Wojew\u00f3dztwa podlaskiego\u201d"}]},{"@type":"WebSite","@id":"https:\/\/sppp.bialystok.pl\/#website","url":"https:\/\/sppp.bialystok.pl\/","name":"SPECJALISTYCZNA PORADNIA PSYCHOLOGICZNO-PEDAGOGICZNA DLA DZIECI I M\u0141ODZIE\u017bY Z ZABURZENIAMI EMOCJONALNYMI","description":"","publisher":{"@id":"https:\/\/sppp.bialystok.pl\/#organization"},"potentialAction":[{"@type":"SearchAction","target":{"@type":"EntryPoint","urlTemplate":"https:\/\/sppp.bialystok.pl\/?s={search_term_string}"},"query-input":{"@type":"PropertyValueSpecification","valueRequired":true,"valueName":"search_term_string"}}],"inLanguage":"pl-PL"},{"@type":"Organization","@id":"https:\/\/sppp.bialystok.pl\/#organization","name":"SPECJALISTYCZNA PORADNIA PSYCHOLOGICZNO-PEDAGOGICZNA DLA DZIECI I M\u0141ODZIE\u017bY Z ZABURZENIAMI EMOCJONALNYMI","url":"https:\/\/sppp.bialystok.pl\/","logo":{"@type":"ImageObject","inLanguage":"pl-PL","@id":"https:\/\/sppp.bialystok.pl\/#\/schema\/logo\/image\/","url":"https:\/\/serwer1711885.home.pl\/autoinstalator\/wordpress3\/wp-content\/uploads\/admin-ajax.php_.png","contentUrl":"https:\/\/serwer1711885.home.pl\/autoinstalator\/wordpress3\/wp-content\/uploads\/admin-ajax.php_.png","width":400,"height":50,"caption":"SPECJALISTYCZNA PORADNIA PSYCHOLOGICZNO-PEDAGOGICZNA DLA DZIECI I M\u0141ODZIE\u017bY Z ZABURZENIAMI EMOCJONALNYMI"},"image":{"@id":"https:\/\/sppp.bialystok.pl\/#\/schema\/logo\/image\/"}}]}},"_links":{"self":[{"href":"https:\/\/sppp.bialystok.pl\/index.php?rest_route=\/wp\/v2\/pages\/1311","targetHints":{"allow":["GET"]}}],"collection":[{"href":"https:\/\/sppp.bialystok.pl\/index.php?rest_route=\/wp\/v2\/pages"}],"about":[{"href":"https:\/\/sppp.bialystok.pl\/index.php?rest_route=\/wp\/v2\/types\/page"}],"author":[{"embeddable":true,"href":"https:\/\/sppp.bialystok.pl\/index.php?rest_route=\/wp\/v2\/users\/1"}],"replies":[{"embeddable":true,"href":"https:\/\/sppp.bialystok.pl\/index.php?rest_route=%2Fwp%2Fv2%2Fcomments&post=1311"}],"version-history":[{"count":1,"href":"https:\/\/sppp.bialystok.pl\/index.php?rest_route=\/wp\/v2\/pages\/1311\/revisions"}],"predecessor-version":[{"id":1313,"href":"https:\/\/sppp.bialystok.pl\/index.php?rest_route=\/wp\/v2\/pages\/1311\/revisions\/1313"}],"wp:attachment":[{"href":"https:\/\/sppp.bialystok.pl\/index.php?rest_route=%2Fwp%2Fv2%2Fmedia&parent=1311"}],"curies":[{"name":"wp","href":"https:\/\/api.w.org\/{rel}","templated":true}]}}